{"id":2332,"date":"2022-03-10T16:43:02","date_gmt":"2022-03-10T15:43:02","guid":{"rendered":"https:\/\/www.lyoproform.fr\/complements_alimentaires\/complejo-c-bioticos\/"},"modified":"2025-03-21T14:05:48","modified_gmt":"2025-03-21T13:05:48","slug":"probioticos-c-bioticos","status":"publish","type":"product","link":"https:\/\/www.lyoproform.fr\/es\/complement-alimentaire\/probioticos-c-bioticos\/","title":{"rendered":"Complejo C-bi\u00f3ticos"},"content":{"rendered":"<h3 style=\"text-align: center;\"><strong>Suplemento diet\u00e9tico a base<\/strong> <strong>de bacterias l\u00e1cticas<\/strong> <strong>combinadas con<\/strong> <strong>acerola rica en vitamina C.<\/strong><\/h3>\n<style>#sp-ea-2308 .spcollapsing { height: 0; overflow: hidden; transition-property: height;transition-duration: 300ms;}#sp-ea-2308.sp-easy-accordion>.sp-ea-single {margin-bottom: 10px; border: 1px solid #ff9203; }#sp-ea-2308.sp-easy-accordion>.sp-ea-single>.ea-header a {color: #ffffff;}#sp-ea-2308.sp-easy-accordion>.sp-ea-single>.sp-collapse>.ea-body {background: #fff; color: #15184c;}#sp-ea-2308.sp-easy-accordion>.sp-ea-single {background: #ff9203;}#sp-ea-2308.sp-easy-accordion>.sp-ea-single>.ea-header a .ea-expand-icon { float: left; color: #ffffff;font-size: 12px;}<\/style><div id=\"sp_easy_accordion-1694521377\"><div id=\"sp-ea-2308\" class=\"sp-ea-one sp-easy-accordion\" data-ea-active=\"ea-hover\" data-ea-mode=\"vertical\" data-preloader=\"\" data-scroll-active-item=\"\" data-offset-to-scroll=\"0\"><div class=\"ea-card sp-ea-single\"><h3 class=\"ea-header\"><a class=\"collapsed\" id=\"ea-header-23080\" role=\"button\" data-sptoggle=\"spcollapse\" data-sptarget=\"#collapse23080\" aria-controls=\"collapse23080\" href=\"#\" aria-expanded=\"false\" tabindex=\"0\"><i aria-hidden=\"true\" role=\"presentation\" class=\"ea-expand-icon eap-icon-ea-expand-plus\"><\/i> Los probi\u00f3ticos en nuestra flora intestinal: \u00bfla primera l\u00ednea de defensa de nuestras defensas naturales?<\/a><\/h3><div class=\"sp-collapse spcollapse spcollapse\" id=\"collapse23080\" data-parent=\"#sp-ea-2308\" role=\"region\" aria-labelledby=\"ea-header-23080\"> <div class=\"ea-body\"><p style=\"text-align: justify\"><span style=\"font-size: 11pt\">El 80% de nuestro sistema inmunitario se encuentra en el intestino. Algo bastante ingenioso, dado que este \u00f3rgano es una de las principales v\u00edas por las que pasan muchos agentes infecciosos dentro de nuestro cuerpo. Afortunadamente, nuestra flora intestinal est\u00e1 ah\u00ed para apoyar nuestras defensas naturales. De hecho, algunas de nuestras bacterias probi\u00f3ticas luchan contra el desarrollo de agentes pat\u00f3genos, evitando as\u00ed los s\u00edntomas indeseables ligados a su presencia o a otras disbiosis intestinales.<br \/>El complemento alimenticio Complejo C-bi\u00f3ticos\u00ae combina cepas de lactobacilos <a href=\"https:\/\/www.lyoproform.fr\/es\/las-cepas-lyoproform\/\">FLORYTEC\u00ae<\/a> con un extracto de acerola concentrado en vitamina C. Adem\u00e1s de ser una fuente 100% natural de vitamina C*, la actividad prebi\u00f3tica de la acerola ha quedado demostrada en estudios recientes\u00b9, lo que refuerza la acci\u00f3n de las cepas FLORYTEC y convierte al complejo C-biotiques en un aut\u00e9ntico producto simbi\u00f3tico.<br \/><br \/>2 c\u00e1psulas al d\u00eda aportan 85 mg de vitamina C, es decir, el 106% de los VRN (Valores de Referencia de Nutrientes).<\/span><\/p><p>&nbsp;<\/p><p style=\"text-align: left\"><span style=\"font-size: 8pt\"><em><strong>1<\/strong> - Menezes, F., de Melo, F., Vieira, A., Almeida, \u00c9., Lima, M., Aquino, J., Gomez-Zavaglia, A., Magnani, M. and de Souza, E. (2021), Acerola (<i>Malpighia glabra<\/i>\u00a0L.) and guava (<i>Psidium guayaba<\/i>\u00a0L.) industrial processing by-products stimulate probiotic\u00a0<i>Lactobacillus<\/i>\u00a0and\u00a0<i>Bifidobacterium<\/i>\u00a0growth and induce beneficial changes in colonic microbiota. J Appl Microbiol, 130: 1323-1336.<\/em><\/span><\/p><p>&nbsp;<\/p><\/div><\/div><\/div><div class=\"ea-card sp-ea-single\"><h3 class=\"ea-header\"><a class=\"collapsed\" id=\"ea-header-23081\" role=\"button\" data-sptoggle=\"spcollapse\" data-sptarget=\"#collapse23081\" aria-controls=\"collapse23081\" href=\"#\" aria-expanded=\"false\" tabindex=\"0\"><i aria-hidden=\"true\" role=\"presentation\" class=\"ea-expand-icon eap-icon-ea-expand-plus\"><\/i> El Complejo C-bi\u00f3ticos con acerola, \u00a1la clave de su vitalidad!<\/a><\/h3><div class=\"sp-collapse spcollapse spcollapse\" id=\"collapse23081\" data-parent=\"#sp-ea-2308\" role=\"region\" aria-labelledby=\"ea-header-23081\"> <div class=\"ea-body\"><p style=\"text-align: justify\">Lacticaseibacillus rhamnosus CNCM I-5504, Lactiplantibacillus plantarum CNCM I-5483, Ligilactobacillus salivarius CNCM I-4866. Estas son las 3 cepas de bacterias aisladas y seleccionadas por el<em><img loading=\"lazy\" decoding=\"async\" class=\"wp-image-1487 size-full alignright\" src=\"https:\/\/www.lyoproform.fr\/wp-content\/uploads\/2022\/03\/Acerola-transparent-2023.png\" alt=\"Ac\u00e9rola 100% naturelle riche en vitamine C\" width=\"203\" height=\"167\" \/><\/em> laboratorio SORBIAL, que encontrar\u00e1 en nuestro complemento alimenticio, el Complejo C-bi\u00f3ticos. Depositadas en Francia en la Collection Nationale de Cultures de Microorganismes de l'Institut Pasteur (<a href=\"https:\/\/www.pasteur.fr\/fr\/depot-cncm\">CNCM<\/a>), hemos identificado en estas cepas varias propiedades cient\u00edficamente notables. En colaboraci\u00f3n con <a href=\"https:\/\/www.micalis.fr\/Institut-Micalis\">el Instituto Micalis y el INRAe<\/a>, se han realizado estudios sobre su potencial antipat\u00f3geno y antiinflamatorio, entre otras cosas. Las cualidades \u00fanicas de estas cepas procedentes de nuestro proceso de fabricaci\u00f3n FLORYTEC\u00ae, combinadas con un extracto de acerola naturalmente concentrado en vitamina C, le ayudar\u00e1n a recuperar toda su vitalidad.<\/p><\/div><\/div><\/div><div class=\"ea-card sp-ea-single\"><h3 class=\"ea-header\"><a class=\"collapsed\" id=\"ea-header-23082\" role=\"button\" data-sptoggle=\"spcollapse\" data-sptarget=\"#collapse23082\" aria-controls=\"collapse23082\" href=\"#\" aria-expanded=\"false\" tabindex=\"0\"><i aria-hidden=\"true\" role=\"presentation\" class=\"ea-expand-icon eap-icon-ea-expand-plus\"><\/i> El proceso de cultivo FLORYTEC\u00ae: co-cultivo sin\u00e9rgico<\/a><\/h3><div class=\"sp-collapse spcollapse spcollapse\" id=\"collapse23082\" data-parent=\"#sp-ea-2308\" role=\"region\" aria-labelledby=\"ea-header-23082\"> <div class=\"ea-body\"><p style=\"text-align: justify\">Para facilitar el acceso a las cepas en el \u00e1mbito probi\u00f3tico, es habitual utilizar bancos industriales de fermentos l\u00e1cticos. Estas cepas, inicialmente destinadas a empresas agroalimentarias (queser\u00edas, lecher\u00edas, etc.), se multiplican individualmente a partir de caldos sint\u00e9ticos. Estos procesos de fabricaci\u00f3n no fueron concebidos originalmente para la elaboraci\u00f3n de complementos alimenticios. Consciente de esta realidad, el laboratorio SORBIAL ha desarrollado su propio proceso dedicado a la fabricaci\u00f3n \u00f3ptima de complementos, independiz\u00e1ndose completamente del mercado de los fermentos. En los productos de la gama LYOPROFORM\u00ae, las 3 cepas microbi\u00f3ticas de nuestros complementos alimenticios se cultivan conjuntamente en un entorno natural (leche de origen franc\u00e9s) y sin conservantes. Gracias a nuestro proceso de co-cultivo <a href=\"https:\/\/www.lyoproform.fr\/es\/el-ingrediente-florytec\/\">FLORYTEC\u00ae,<\/a> las bacterias desarrolladas en sinergia son m\u00e1s adaptables que las cultivadas por separado, lo que optimiza su dosificaci\u00f3n y su eficacia cuando se unen a su microbiota. El complejo C-bi\u00f3ticos, rico en vitamina C de origen natural, es un complemento alimenticio que contiene a la vez las cepas activas y los metabolitos que producen, en la dosis adecuada, aport\u00e1ndole todos los beneficios de la vitamina C y de los microorganismos.<\/p><\/div><\/div><\/div><\/div><\/div>\n<h4 style=\"text-align: center;\"><a href=\"https:\/\/www.lyoproform.fr\/es\/el-ingrediente-florytec\/\"><span style=\"font-size: 18pt; color: #61c993;\">M\u00e1s informaci\u00f3n sobre el ingrediente natural rico en probi\u00f3ticos Lyoproform<\/span><sup><strong><span style=\"font-size: 18pt; color: #61c993;\">\u00ae<\/span><\/strong><\/sup><\/a><\/h4>\n<p>&nbsp;<\/p>\n<p style=\"text-align: center;\"><strong><span style=\"font-size: 24pt;\">Opiniones de nuestros clientes<\/span><\/strong><\/p>\n<p>&nbsp;<\/p>\n<p style=\"text-align: left;\"><div class=\"strong-view strong-view-id-3 modern wpmtst-modern shadowed slider-container carousel slider-mode-horizontal slider-adaptive controls-style-buttons3 pager-type-full pager-style-buttons nav-position-outside\" data-count=3 data-slider-var=strong_slider_id_3 data-state=idle><div class=\"strong-content wpmslider-content\"><div class=\"wpmtst-testimonial testimonial t-slide post-2437\"><div class=\"wpmtst-testimonial-inner testimonial-inner\"><div data-infinite-loop=\"true\"  class=\"wpmtst-testimonial-content  testimonial-content\"><h3 class=\"wpmtst-testimonial-heading testimonial-heading\">Guillaume<\/h3><div id=\"comments\"><div id=\"comment-347\" class=\"comment_container\"><div class=\"comment-text\"><div class=\"description\"><p>Recomiendo encarecidamente este complemento alimenticio potenciador de la energ\u00eda con acerola a cualquiera que necesite un est\u00edmulo para mantenerse alerta. Me ayud\u00f3 a mantener mis niveles de energ\u00eda durante todo el d\u00eda<\/p><\/div><\/div><\/div><\/div><div id=\"review_form_wrapper\"><div id=\"review_form\"><div id=\"respond\" class=\"comment-respond\"><\/div><\/div><\/div><\/div><div class=\"clear\"><\/div><\/div><\/div><div class=\"wpmtst-testimonial testimonial t-slide post-2435\"><div class=\"wpmtst-testimonial-inner testimonial-inner\"><div data-infinite-loop=\"true\"  class=\"wpmtst-testimonial-content  testimonial-content\"><h3 class=\"wpmtst-testimonial-heading testimonial-heading\">Aur\u00e9lie<\/h3><div id=\"comment-296\" class=\"comment_container\"><div class=\"comment-text\"><div class=\"description\"><p>Recibido r\u00e1pidamente. Con el fr\u00edo y el calor que hace actualmente, he estado un poco cansada y un poco enferma, as\u00ed que he estado pensando en la vitamina c para darme un chute de energ\u00eda.<\/p><\/div><\/div><\/div><\/div><div class=\"clear\"><\/div><\/div><\/div><div class=\"wpmtst-testimonial testimonial t-slide post-2430\"><div class=\"wpmtst-testimonial-inner testimonial-inner\"><div data-infinite-loop=\"true\"  class=\"wpmtst-testimonial-content  testimonial-content\"><h3 class=\"wpmtst-testimonial-heading testimonial-heading\">Christine<\/h3><div id=\"comment-168\" class=\"comment_container\"><div class=\"comment-text\"><div class=\"description\"><p>Encontr\u00e9 este complemento alimenticio para mi madre, que sufre problemas digestivos desde la infancia. Combinado con vitamina C, este producto es ideal para ella. Incluso observ\u00f3 una reducci\u00f3n de la sensibilidad reum\u00e1tica de los pulgares.<\/p><\/div><\/div><\/div><\/div><div class=\"clear\"><\/div><\/div><\/div><\/div><\/div>\n<p>&nbsp;<\/p>\n","protected":false},"excerpt":{"rendered":"<h3>\u00a1Aumente su inmunidad y recupere su vitalidad!<\/h3>\n<p>&nbsp;<\/p>\n<p><strong>APOYA LA INMUNIDAD Y REDUCE LA FATIGA<\/strong>: Gracias a su complejo de probi\u00f3ticos reforzados y rico en vitamina C natural, nuestro complemento alimenticio C-biotics te ayudar\u00e1 a mantenerte en forma cada d\u00eda.<br \/>\n<strong>VITAMINA<\/strong> C NATURAL: Benef\u00edciate de una rica fuente de vitamina C que cubre el 100% de tus necesidades diarias, gracias a un extracto concentrado de acerola.<\/p>\n<h5><span style=\"color: #2bb275;\"><strong>M\u00e1s de 30\u20ac = \u00a1Entrega gratuita! <\/strong><\/span><\/h5>\n<h5><span style=\"color: #2bb275;\"><strong>Entrega gratuita en todos los primeros pedidos con el c\u00f3digo: BIENVENUE<\/strong><\/span><\/h5>\n","protected":false},"featured_media":3669,"comment_status":"open","ping_status":"closed","template":"","meta":[],"product_brand":[],"product_cat":[119,104,114],"product_tag":[116,178,107,113,112,111,108,117],"class_list":{"0":"post-2332","1":"product","2":"type-product","3":"status-publish","4":"has-post-thumbnail","6":"product_cat-inmunidad","7":"product_cat-probioticos-naturales","8":"product_cat-vitalidad","9":"product_tag-acerola-es","10":"product_tag-capsula-gastrorresistente","11":"product_tag-complementos-alimenticios","12":"product_tag-equilibrio-digestivo","13":"product_tag-flora-intestinal","14":"product_tag-microbiota","15":"product_tag-probioticos","16":"product_tag-vitamina-c","17":"product_shipping_class-allshipping","18":"description-off","20":"first","21":"instock","22":"taxable","23":"shipping-taxable","24":"purchasable","25":"product-type-variable","26":"has-default-attributes"},"yoast_head":"<!-- This site is optimized with the Yoast SEO plugin v27.5 - https:\/\/yoast.com\/product\/yoast-seo-wordpress\/ -->\n<title>Acerola y probi\u00f3ticos - LYOPROFORM<\/title>\n<meta name=\"description\" content=\"Complemento alimenticio a base de probi\u00f3ticos y acerola, naturalmente rica en vitamina C, para reforzar su inmunidad y combatir la fatiga.\" \/>\n<meta name=\"robots\" content=\"index, follow, max-snippet:-1, max-image-preview:large, max-video-preview:-1\" \/>\n<link rel=\"canonical\" href=\"https:\/\/www.lyoproform.fr\/es\/complement-alimentaire\/probioticos-c-bioticos\/\" \/>\n<meta property=\"og:locale\" content=\"es_ES\" \/>\n<meta property=\"og:type\" content=\"article\" \/>\n<meta property=\"og:title\" content=\"Acerola y probi\u00f3ticos - LYOPROFORM\" \/>\n<meta property=\"og:description\" content=\"Complemento alimenticio a base de probi\u00f3ticos y acerola, naturalmente rica en vitamina C, para reforzar su inmunidad y combatir la fatiga.\" \/>\n<meta property=\"og:url\" content=\"https:\/\/www.lyoproform.fr\/es\/complement-alimentaire\/probioticos-c-bioticos\/\" \/>\n<meta property=\"og:site_name\" content=\"LYOPROFORM\" \/>\n<meta property=\"article:publisher\" content=\"https:\/\/www.facebook.com\/LYOPROFORM.Nutribiotiques\/\" \/>\n<meta property=\"article:modified_time\" content=\"2025-03-21T13:05:48+00:00\" \/>\n<meta property=\"og:image\" content=\"https:\/\/www.lyoproform.fr\/wp-content\/uploads\/2022\/03\/Probiotique-naturel-C-biotiques1.jpg\" \/>\n\t<meta property=\"og:image:width\" content=\"1000\" \/>\n\t<meta property=\"og:image:height\" content=\"1001\" \/>\n\t<meta property=\"og:image:type\" content=\"image\/jpeg\" \/>\n<meta name=\"twitter:card\" content=\"summary_large_image\" \/>\n<meta name=\"twitter:label1\" content=\"Tiempo de lectura\" \/>\n\t<meta name=\"twitter:data1\" content=\"1 minuto\" \/>\n<script type=\"application\/ld+json\" class=\"yoast-schema-graph\">{\"@context\":\"https:\\\/\\\/schema.org\",\"@graph\":[{\"@type\":\"WebPage\",\"@id\":\"https:\\\/\\\/www.lyoproform.fr\\\/es\\\/complement-alimentaire\\\/probioticos-c-bioticos\\\/\",\"url\":\"https:\\\/\\\/www.lyoproform.fr\\\/es\\\/complement-alimentaire\\\/probioticos-c-bioticos\\\/\",\"name\":\"Acerola y probi\u00f3ticos - LYOPROFORM\",\"isPartOf\":{\"@id\":\"https:\\\/\\\/www.lyoproform.fr\\\/es\\\/#website\"},\"primaryImageOfPage\":{\"@id\":\"https:\\\/\\\/www.lyoproform.fr\\\/es\\\/complement-alimentaire\\\/probioticos-c-bioticos\\\/#primaryimage\"},\"image\":{\"@id\":\"https:\\\/\\\/www.lyoproform.fr\\\/es\\\/complement-alimentaire\\\/probioticos-c-bioticos\\\/#primaryimage\"},\"thumbnailUrl\":\"https:\\\/\\\/www.lyoproform.fr\\\/wp-content\\\/uploads\\\/2022\\\/03\\\/Probiotique-naturel-C-biotiques1.jpg\",\"datePublished\":\"2022-03-10T15:43:02+00:00\",\"dateModified\":\"2025-03-21T13:05:48+00:00\",\"description\":\"Complemento alimenticio a base de probi\u00f3ticos y acerola, naturalmente rica en vitamina C, para reforzar su inmunidad y combatir la fatiga.\",\"breadcrumb\":{\"@id\":\"https:\\\/\\\/www.lyoproform.fr\\\/es\\\/complement-alimentaire\\\/probioticos-c-bioticos\\\/#breadcrumb\"},\"inLanguage\":\"es\",\"potentialAction\":[{\"@type\":\"ReadAction\",\"target\":[\"https:\\\/\\\/www.lyoproform.fr\\\/es\\\/complement-alimentaire\\\/probioticos-c-bioticos\\\/\"]}]},{\"@type\":\"ImageObject\",\"inLanguage\":\"es\",\"@id\":\"https:\\\/\\\/www.lyoproform.fr\\\/es\\\/complement-alimentaire\\\/probioticos-c-bioticos\\\/#primaryimage\",\"url\":\"https:\\\/\\\/www.lyoproform.fr\\\/wp-content\\\/uploads\\\/2022\\\/03\\\/Probiotique-naturel-C-biotiques1.jpg\",\"contentUrl\":\"https:\\\/\\\/www.lyoproform.fr\\\/wp-content\\\/uploads\\\/2022\\\/03\\\/Probiotique-naturel-C-biotiques1.jpg\",\"width\":1000,\"height\":1001,\"caption\":\"Complejo C-Bi\u00f3tico Lyoproform, una combinaci\u00f3n de nuestro complejo probi\u00f3tico con acerola, rica en vitamina C natural.\"},{\"@type\":\"BreadcrumbList\",\"@id\":\"https:\\\/\\\/www.lyoproform.fr\\\/es\\\/complement-alimentaire\\\/probioticos-c-bioticos\\\/#breadcrumb\",\"itemListElement\":[{\"@type\":\"ListItem\",\"position\":1,\"name\":\"Accueil Lyoproform\",\"item\":\"https:\\\/\\\/www.lyoproform.fr\\\/es\\\/\"},{\"@type\":\"ListItem\",\"position\":2,\"name\":\"La gamme de compl\u00e9ments alimentaires probiotiques LYOPROFORM\",\"item\":\"https:\\\/\\\/www.lyoproform.fr\\\/boutique\\\/\"},{\"@type\":\"ListItem\",\"position\":3,\"name\":\"Complejo C-bi\u00f3ticos\"}]},{\"@type\":\"WebSite\",\"@id\":\"https:\\\/\\\/www.lyoproform.fr\\\/es\\\/#website\",\"url\":\"https:\\\/\\\/www.lyoproform.fr\\\/es\\\/\",\"name\":\"LYOPROFORM\",\"description\":\"La gamme de compl\u00e9ments alimentaires \u00e0 base de probiotiques\",\"publisher\":{\"@id\":\"https:\\\/\\\/www.lyoproform.fr\\\/es\\\/#organization\"},\"potentialAction\":[{\"@type\":\"SearchAction\",\"target\":{\"@type\":\"EntryPoint\",\"urlTemplate\":\"https:\\\/\\\/www.lyoproform.fr\\\/es\\\/?s={search_term_string}\"},\"query-input\":{\"@type\":\"PropertyValueSpecification\",\"valueRequired\":true,\"valueName\":\"search_term_string\"}}],\"inLanguage\":\"es\"},{\"@type\":\"Organization\",\"@id\":\"https:\\\/\\\/www.lyoproform.fr\\\/es\\\/#organization\",\"name\":\"LYOPROFORM\",\"url\":\"https:\\\/\\\/www.lyoproform.fr\\\/es\\\/\",\"logo\":{\"@type\":\"ImageObject\",\"inLanguage\":\"es\",\"@id\":\"https:\\\/\\\/www.lyoproform.fr\\\/es\\\/#\\\/schema\\\/logo\\\/image\\\/\",\"url\":\"https:\\\/\\\/www.lyoproform.fr\\\/wp-content\\\/uploads\\\/2022\\\/04\\\/Lyoproform-bleu-petit.png\",\"contentUrl\":\"https:\\\/\\\/www.lyoproform.fr\\\/wp-content\\\/uploads\\\/2022\\\/04\\\/Lyoproform-bleu-petit.png\",\"width\":2481,\"height\":1182,\"caption\":\"LYOPROFORM\"},\"image\":{\"@id\":\"https:\\\/\\\/www.lyoproform.fr\\\/es\\\/#\\\/schema\\\/logo\\\/image\\\/\"},\"sameAs\":[\"https:\\\/\\\/www.facebook.com\\\/LYOPROFORM.Nutribiotiques\\\/\"]}]}<\/script>\n<!-- \/ Yoast SEO plugin. -->","yoast_head_json":{"title":"Acerola y probi\u00f3ticos - LYOPROFORM","description":"Complemento alimenticio a base de probi\u00f3ticos y acerola, naturalmente rica en vitamina C, para reforzar su inmunidad y combatir la fatiga.","robots":{"index":"index","follow":"follow","max-snippet":"max-snippet:-1","max-image-preview":"max-image-preview:large","max-video-preview":"max-video-preview:-1"},"canonical":"https:\/\/www.lyoproform.fr\/es\/complement-alimentaire\/probioticos-c-bioticos\/","og_locale":"es_ES","og_type":"article","og_title":"Acerola y probi\u00f3ticos - LYOPROFORM","og_description":"Complemento alimenticio a base de probi\u00f3ticos y acerola, naturalmente rica en vitamina C, para reforzar su inmunidad y combatir la fatiga.","og_url":"https:\/\/www.lyoproform.fr\/es\/complement-alimentaire\/probioticos-c-bioticos\/","og_site_name":"LYOPROFORM","article_publisher":"https:\/\/www.facebook.com\/LYOPROFORM.Nutribiotiques\/","article_modified_time":"2025-03-21T13:05:48+00:00","og_image":[{"width":1000,"height":1001,"url":"https:\/\/www.lyoproform.fr\/wp-content\/uploads\/2022\/03\/Probiotique-naturel-C-biotiques1.jpg","type":"image\/jpeg"}],"twitter_card":"summary_large_image","twitter_misc":{"Tiempo de lectura":"1 minuto"},"schema":{"@context":"https:\/\/schema.org","@graph":[{"@type":"WebPage","@id":"https:\/\/www.lyoproform.fr\/es\/complement-alimentaire\/probioticos-c-bioticos\/","url":"https:\/\/www.lyoproform.fr\/es\/complement-alimentaire\/probioticos-c-bioticos\/","name":"Acerola y probi\u00f3ticos - LYOPROFORM","isPartOf":{"@id":"https:\/\/www.lyoproform.fr\/es\/#website"},"primaryImageOfPage":{"@id":"https:\/\/www.lyoproform.fr\/es\/complement-alimentaire\/probioticos-c-bioticos\/#primaryimage"},"image":{"@id":"https:\/\/www.lyoproform.fr\/es\/complement-alimentaire\/probioticos-c-bioticos\/#primaryimage"},"thumbnailUrl":"https:\/\/www.lyoproform.fr\/wp-content\/uploads\/2022\/03\/Probiotique-naturel-C-biotiques1.jpg","datePublished":"2022-03-10T15:43:02+00:00","dateModified":"2025-03-21T13:05:48+00:00","description":"Complemento alimenticio a base de probi\u00f3ticos y acerola, naturalmente rica en vitamina C, para reforzar su inmunidad y combatir la fatiga.","breadcrumb":{"@id":"https:\/\/www.lyoproform.fr\/es\/complement-alimentaire\/probioticos-c-bioticos\/#breadcrumb"},"inLanguage":"es","potentialAction":[{"@type":"ReadAction","target":["https:\/\/www.lyoproform.fr\/es\/complement-alimentaire\/probioticos-c-bioticos\/"]}]},{"@type":"ImageObject","inLanguage":"es","@id":"https:\/\/www.lyoproform.fr\/es\/complement-alimentaire\/probioticos-c-bioticos\/#primaryimage","url":"https:\/\/www.lyoproform.fr\/wp-content\/uploads\/2022\/03\/Probiotique-naturel-C-biotiques1.jpg","contentUrl":"https:\/\/www.lyoproform.fr\/wp-content\/uploads\/2022\/03\/Probiotique-naturel-C-biotiques1.jpg","width":1000,"height":1001,"caption":"Complejo C-Bi\u00f3tico Lyoproform, una combinaci\u00f3n de nuestro complejo probi\u00f3tico con acerola, rica en vitamina C natural."},{"@type":"BreadcrumbList","@id":"https:\/\/www.lyoproform.fr\/es\/complement-alimentaire\/probioticos-c-bioticos\/#breadcrumb","itemListElement":[{"@type":"ListItem","position":1,"name":"Accueil Lyoproform","item":"https:\/\/www.lyoproform.fr\/es\/"},{"@type":"ListItem","position":2,"name":"La gamme de compl\u00e9ments alimentaires probiotiques LYOPROFORM","item":"https:\/\/www.lyoproform.fr\/boutique\/"},{"@type":"ListItem","position":3,"name":"Complejo C-bi\u00f3ticos"}]},{"@type":"WebSite","@id":"https:\/\/www.lyoproform.fr\/es\/#website","url":"https:\/\/www.lyoproform.fr\/es\/","name":"LYOPROFORM","description":"La gamme de compl\u00e9ments alimentaires \u00e0 base de probiotiques","publisher":{"@id":"https:\/\/www.lyoproform.fr\/es\/#organization"},"potentialAction":[{"@type":"SearchAction","target":{"@type":"EntryPoint","urlTemplate":"https:\/\/www.lyoproform.fr\/es\/?s={search_term_string}"},"query-input":{"@type":"PropertyValueSpecification","valueRequired":true,"valueName":"search_term_string"}}],"inLanguage":"es"},{"@type":"Organization","@id":"https:\/\/www.lyoproform.fr\/es\/#organization","name":"LYOPROFORM","url":"https:\/\/www.lyoproform.fr\/es\/","logo":{"@type":"ImageObject","inLanguage":"es","@id":"https:\/\/www.lyoproform.fr\/es\/#\/schema\/logo\/image\/","url":"https:\/\/www.lyoproform.fr\/wp-content\/uploads\/2022\/04\/Lyoproform-bleu-petit.png","contentUrl":"https:\/\/www.lyoproform.fr\/wp-content\/uploads\/2022\/04\/Lyoproform-bleu-petit.png","width":2481,"height":1182,"caption":"LYOPROFORM"},"image":{"@id":"https:\/\/www.lyoproform.fr\/es\/#\/schema\/logo\/image\/"},"sameAs":["https:\/\/www.facebook.com\/LYOPROFORM.Nutribiotiques\/"]}]}},"_links":{"self":[{"href":"https:\/\/www.lyoproform.fr\/es\/wp-json\/wp\/v2\/product\/2332","targetHints":{"allow":["GET"]}}],"collection":[{"href":"https:\/\/www.lyoproform.fr\/es\/wp-json\/wp\/v2\/product"}],"about":[{"href":"https:\/\/www.lyoproform.fr\/es\/wp-json\/wp\/v2\/types\/product"}],"replies":[{"embeddable":true,"href":"https:\/\/www.lyoproform.fr\/es\/wp-json\/wp\/v2\/comments?post=2332"}],"wp:featuredmedia":[{"embeddable":true,"href":"https:\/\/www.lyoproform.fr\/es\/wp-json\/wp\/v2\/media\/3669"}],"wp:attachment":[{"href":"https:\/\/www.lyoproform.fr\/es\/wp-json\/wp\/v2\/media?parent=2332"}],"wp:term":[{"taxonomy":"product_brand","embeddable":true,"href":"https:\/\/www.lyoproform.fr\/es\/wp-json\/wp\/v2\/product_brand?post=2332"},{"taxonomy":"product_cat","embeddable":true,"href":"https:\/\/www.lyoproform.fr\/es\/wp-json\/wp\/v2\/product_cat?post=2332"},{"taxonomy":"product_tag","embeddable":true,"href":"https:\/\/www.lyoproform.fr\/es\/wp-json\/wp\/v2\/product_tag?post=2332"}],"curies":[{"name":"wp","href":"https:\/\/api.w.org\/{rel}","templated":true}]}}